{"id":1575,"date":"2025-02-04T11:43:43","date_gmt":"2025-02-04T16:43:43","guid":{"rendered":"https:\/\/www.gruposiembra.ec\/es\/?page_id=1575"},"modified":"2025-02-04T12:01:38","modified_gmt":"2025-02-04T17:01:38","slug":"gestion-de-cortes","status":"publish","type":"page","link":"https:\/\/www.gruposiembra.ec\/es\/gestion-de-cortes\/","title":{"rendered":"Gesti\u00f3n de Cortes"},"content":{"rendered":"<h3><\/h3>\n<p>[vc_row gap=\u00bb35&#8243; css=\u00bb.vc_custom_1516983536723{margin-top: 40px !important;padding-right: 15px !important;padding-left: 15px !important;}\u00bb][vc_empty_space height=\u00bb20px\u00bb][vc_column_text]<\/p>\n<h3 class=\"Museo-700\">Los raleos y su importancia<\/h3>\n<p>[vc_separator color=\u00bbcustom\u00bb align=\u00bbalign_left\u00bb border_width=\u00bb6&#8243; el_width=\u00bb20&#8243; css_animation=\u00bbslideInRight\u00bb accent_color=\u00bb#85bf40&#8243; css=\u00bb.vc_custom_1516675056879{padding-top: 10px !important;}\u00bb][vc_empty_space height=\u00bb20px\u00bb][vc_column_text]<\/p>\n<p>El valor de la teca, al igual que con todas las especies forestales bajo el cultivo en plantaciones, mejora sustancialmente controlando su crecimiento adecuado, a partir del manejo eficiente de las densidades a lo largo de la vida de las plantaciones.<\/p>\n<p>Para cumplir ese prop\u00f3sito se realizan raleos, que no es otra cosa que la extracci\u00f3n progresiva de \u00e1rboles hasta la edad de corte final. Una plantaci\u00f3n reduce su densidad de \u00e1rboles a trav\u00e9s de los raleos desde los <strong>833 \u00e1rboles a aproximadamente entre 200 y 220 por hect\u00e1rea en el corte final<\/strong>.<\/p>\n<p>En el caso de <strong>Grupo SIEMBRA<\/strong>, se realizan <strong>3 raleos<\/strong>, siendo el primero en el quinto a\u00f1o de establecimiento de la plantaci\u00f3n, y los posteriores en los a\u00f1os noveno y d\u00e9cimo segundo. El primer raleo no tiene valor material econ\u00f3mico, pero el segundo y el tercer raleo s\u00ed lo tienen, y con el resultado de dichos raleos las plantaciones se ayudan en su mantenimiento econ\u00f3mico. La reducci\u00f3n de la densidad de \u00e1rboles permite maximizar el crecimiento, as\u00ed como lograr el mejor valor de la madera, pues la misma alcanza el mejor precio a partir de la mayor circunferencia.<\/p>\n<p>Al cabo del tercer raleo, la plantaci\u00f3n deber\u00e1 contar con los \u00e1rboles definitivos hasta el corte final. Sin embargo, no se descarta realizar en los a\u00f1os subsiguientes, raleos espec\u00edficos en ciertas \u00e1reas que se consideren tienen una alta de densidad. Este dato obtenido de las mediciones que a\u00f1o a a\u00f1o se realizan de las parcelas permanentes de muestreo.[\/vc_column_text][vc_empty_space height=\u00bb20px\u00bb][vc_column_text]<\/p>\n<h3 class=\"Museo-700\">El Corte Final<\/h3>\n<p>[\/vc_column_text][vc_separator color=\u00bbcustom\u00bb align=\u00bbalign_left\u00bb border_width=\u00bb6&#8243; el_width=\u00bb20&#8243; css_animation=\u00bbslideInRight\u00bb accent_color=\u00bb#85bf40&#8243; css=\u00bb.vc_custom_1516675056879{padding-top: 10px !important;}\u00bb][vc_empty_space height=\u00bb20px\u00bb][vc_column_text]<\/p>\n<h4><\/h4>\n<p>En la previsi\u00f3n de operaciones se tiene al vig\u00e9simo a\u00f1o luego de la siembra como el periodo del primer corte final. En algunas oportunidades dicho periodo deber\u00e1<br \/>\nextenderse por condiciones de <strong>calidad de suelos<\/strong>, crecimiento, situaci\u00f3n del mercado o de la log\u00edstica mundial.<\/p>\n<p>Luego de este periodo de crecimiento de veinte a\u00f1os se estima que es econ\u00f3micamente deseable cortar la plantaci\u00f3n. La estaci\u00f3n de corte se extiende desde el mes de <strong>junio al mes de diciembre<\/strong>. Esto en virtud de que las lluvias impiden el acceso a las plantaciones para el transporte de la madera, y el corte y extracci\u00f3n se vuelven muy complejo.<\/p>\n<p><strong>Grupo SIEMBRA<\/strong> inici\u00f3 el corte final de una plantaci\u00f3n en el a\u00f1o 2020, la misma que se adelant\u00f3 en su periodo de corte por situaciones de log\u00edstica mundial en el periodo de pandemia, pero inici\u00f3 de forma regular el primer corte final en el a\u00f1o 2024, y pensamos realizarlo ahora de manera indefinida.[\/vc_column_text][vc_empty_space height=\u00bb20px\u00bb][vc_column_text]<\/p>\n<h3 class=\"Museo-700\">Rebrotes<\/h3>\n<p>[\/vc_column_text][vc_separator color=\u00bbcustom\u00bb align=\u00bbalign_left\u00bb border_width=\u00bb6&#8243; el_width=\u00bb20&#8243; css_animation=\u00bbslideInRight\u00bb accent_color=\u00bb#85bf40&#8243; css=\u00bb.vc_custom_1516675056879{padding-top: 10px !important;}\u00bb][vc_empty_space height=\u00bb20px\u00bb][vc_column_text]<\/p>\n<p>La madera de teca, una vez realizado el corte final, rebrota. Es importante anotar que no solo rebrotan los \u00e1rboles del corte final realizado, sino que hay que administrar nuevamente los \u00e1rboles que fueron extra\u00eddos por raleos a lo largo de la vida de la plantaci\u00f3n, toda vez que rebrotan tambi\u00e9n aquellos \u00e1rboles que fueron suprimidos en los raleos precedentes al corte final.<\/p>\n<p>El nuevo periodo de corte final considera entre doce y catorce a\u00f1os, con lo cual se anticipa el flujo esperado de recursos para la empresa, respecto del primer corte final. En raz\u00f3n de lo anterior, se repetir\u00e1 el ciclo de cortes por raleos, pero en periodos diferentes. Al final, nuevamente existir\u00e1n entre 200 y 220 \u00e1rboles, y as\u00ed sucesivamente mientras el sistema radicular est\u00e9 en la tierra.[\/vc_column_text][vc_empty_space height=\u00bb20px\u00bb][vc_column_text]<\/p>\n<p>[\/vc_column_text][vc_empty_space height=\u00bb40px\u00bb][vc_empty_space height=\u00bb20px\u00bb][\/vc_row][vc_row][vc_column][vc_separator][\/vc_column][\/vc_row]<\/p>\n","protected":false},"excerpt":{"rendered":"<p>[vc_row gap=\u00bb35&#8243; css=\u00bb.vc_custom_1516983536723{margin-top: 40px !important;padding-right: 15px !important;padding-left: 15px !important;}\u00bb][vc_empty_space height=\u00bb20px\u00bb][vc_column_text] Los raleos y su importancia [vc_separator color=\u00bbcustom\u00bb align=\u00bbalign_left\u00bb border_width=\u00bb6&#8243; el_width=\u00bb20&#8243; css_animation=\u00bbslideInRight\u00bb accent_color=\u00bb#85bf40&#8243; css=\u00bb.vc_custom_1516675056879{padding-top: 10px !important;}\u00bb][vc_empty_space height=\u00bb20px\u00bb][vc_column_text] El valor de la teca, al igual que con todas las especies forestales bajo el cultivo en plantaciones, mejora sustancialmente controlando su crecimiento adecuado, a partir del manejo eficiente [&hellip;]<\/p>\n","protected":false},"author":4,"featured_media":0,"parent":0,"menu_order":0,"comment_status":"closed","ping_status":"closed","template":"page-tpl_full_width.php","meta":{"inline_featured_image":false},"_links":{"self":[{"href":"https:\/\/www.gruposiembra.ec\/es\/wp-json\/wp\/v2\/pages\/1575"}],"collection":[{"href":"https:\/\/www.gruposiembra.ec\/es\/wp-json\/wp\/v2\/pages"}],"about":[{"href":"https:\/\/www.gruposiembra.ec\/es\/wp-json\/wp\/v2\/types\/page"}],"author":[{"embeddable":true,"href":"https:\/\/www.gruposiembra.ec\/es\/wp-json\/wp\/v2\/users\/4"}],"replies":[{"embeddable":true,"href":"https:\/\/www.gruposiembra.ec\/es\/wp-json\/wp\/v2\/comments?post=1575"}],"version-history":[{"count":16,"href":"https:\/\/www.gruposiembra.ec\/es\/wp-json\/wp\/v2\/pages\/1575\/revisions"}],"predecessor-version":[{"id":1592,"href":"https:\/\/www.gruposiembra.ec\/es\/wp-json\/wp\/v2\/pages\/1575\/revisions\/1592"}],"wp:attachment":[{"href":"https:\/\/www.gruposiembra.ec\/es\/wp-json\/wp\/v2\/media?parent=1575"}],"curies":[{"name":"wp","href":"https:\/\/api.w.org\/{rel}","templated":true}]}}